{"id":12397,"date":"2026-01-23T08:31:43","date_gmt":"2026-01-23T08:31:43","guid":{"rendered":"https:\/\/pharma-ti.ch\/product\/nettoyage-profond-du-visage-aux-ultrasons\/"},"modified":"2026-01-23T08:31:43","modified_gmt":"2026-01-23T08:31:43","slug":"nettoyage-profond-du-visage-aux-ultrasons","status":"publish","type":"product","link":"https:\/\/pharma-ti.ch\/fr\/product\/nettoyage-profond-du-visage-aux-ultrasons\/","title":{"rendered":"NETTOYAGE PROFOND DU VISAGE AUX ULTRASONS"},"content":{"rendered":"<p>L\u2019utilisation des ultrasons dans le soin du visage permet de purifier, d\u2019oxyg\u00e9ner, de nettoyer les impuret\u00e9s et d\u2019\u00e9liminer les signes de fatigue, d\u2019att\u00e9nuer les cernes et d\u2019unifier le teint. Les ultrasons activent le collag\u00e8ne et l\u2019\u00e9lastine, ce qui aide \u00e0 pr\u00e9venir le vieillissement cutan\u00e9. <\/p>\n<p>L\u2019application des ultrasons sur la peau permet d\u2019exfolier en douceur les cellules mortes ; les ultrasons sont transmis \u00e0 la peau \u00e0 l\u2019aide d\u2019une spatule vibrant \u00e0 une fr\u00e9quence de 27 000 fois par seconde (Hz). En retournant la spatule et en effectuant des mouvements sp\u00e9cifiques, les ultrasons favorisent la p\u00e9n\u00e9tration des principes actifs. Ils permettent \u00e0 ces derniers de franchir la barri\u00e8re cutan\u00e9e gr\u00e2ce \u00e0 la sonophor\u00e8se (une technique utilisant les ultrasons pour augmenter la perm\u00e9abilit\u00e9 de la peau et favoriser l\u2019absorption des s\u00e9rums). Les vibrations transmettent des courants bio\u00e9lectriques \u00e0 haute fr\u00e9quence qui stimulent les fibres musculaires sous-cutan\u00e9es pour une action liftante. Parall\u00e8lement, les circulations sanguine et lymphatique sont stimul\u00e9es, favorisant ainsi la r\u00e9duction des cernes, des poches et des rides. Le nettoyage du visage aux ultrasons est \u00e9galement indiqu\u00e9 pour les peaux sensibles en raison de sa grande d\u00e9licatesse.    <\/p>\n<p>POUR R\u00c9SERVER VOTRE SOIN : info@helveticalab.ch T\u00e9l : +41 (0) 76 6053398<\/p>\n","protected":false},"excerpt":{"rendered":"<p>L\u2019utilisation des ultrasons dans le soin du visage permet de purifier, d\u2019oxyg\u00e9ner, de nettoyer les impuret\u00e9s et d\u2019\u00e9liminer les signes de fatigue, d\u2019att\u00e9nuer les cernes et d\u2019unifier le teint. Les ultrasons activent le collag\u00e8ne et l\u2019\u00e9lastine, ce qui aide \u00e0 pr\u00e9venir le vieillissement cutan\u00e9. <\/p>\n<p>L\u2019application des ultrasons sur la peau permet d\u2019exfolier en douceur les cellules mortes ; les ultrasons sont transmis \u00e0 la peau \u00e0 l\u2019aide d\u2019une spatule vibrant \u00e0 une fr\u00e9quence de 27 000 fois par seconde (Hz). En retournant la spatule et en effectuant des mouvements sp\u00e9cifiques, les ultrasons favorisent la p\u00e9n\u00e9tration des principes actifs. Ils permettent \u00e0 ces derniers de franchir la barri\u00e8re cutan\u00e9e gr\u00e2ce \u00e0 la sonophor\u00e8se (une technique utilisant les ultrasons pour augmenter la perm\u00e9abilit\u00e9 de la peau et favoriser l\u2019absorption des s\u00e9rums). Les vibrations transmettent des courants bio\u00e9lectriques \u00e0 haute fr\u00e9quence qui stimulent les fibres musculaires sous-cutan\u00e9es pour une action liftante. Parall\u00e8lement, les circulations sanguine et lymphatique sont stimul\u00e9es, favorisant ainsi la r\u00e9duction des cernes, des poches et des rides. Le nettoyage du visage aux ultrasons est \u00e9galement indiqu\u00e9 pour les peaux sensibles en raison de sa grande d\u00e9licatesse.    <\/p>\n","protected":false},"featured_media":12391,"comment_status":"open","ping_status":"closed","template":"","meta":{"_acf_changed":false},"product_brand":[],"product_cat":[366,377],"product_tag":[],"class_list":["post-12397","product","type-product","status-publish","has-post-thumbnail","product_cat-swiss-skin","product_cat-traitement-visage","first","instock","shipping-taxable","purchasable","product-type-simple"],"acf":[],"yoast_head":"<!-- This site is optimized with the Yoast SEO plugin v27.3 - https:\/\/yoast.com\/product\/yoast-seo-wordpress\/ -->\n<title>NETTOYAGE PROFOND DU VISAGE AUX ULTRASONS - Pharma Ti<\/title>\n<meta name=\"robots\" content=\"index, follow, max-snippet:-1, max-image-preview:large, max-video-preview:-1\" \/>\n<link rel=\"canonical\" href=\"https:\/\/pharma-ti.ch\/fr\/product\/nettoyage-profond-du-visage-aux-ultrasons\/\" \/>\n<meta property=\"og:locale\" content=\"fr_FR\" \/>\n<meta property=\"og:type\" content=\"article\" \/>\n<meta property=\"og:title\" content=\"NETTOYAGE PROFOND DU VISAGE AUX ULTRASONS - Pharma Ti\" \/>\n<meta property=\"og:description\" content=\"L\u2019utilisation des ultrasons dans le soin du visage permet de purifier, d\u2019oxyg\u00e9ner, de nettoyer les impuret\u00e9s et d\u2019\u00e9liminer les signes de fatigue, d\u2019att\u00e9nuer les cernes et d\u2019unifier le teint. Les ultrasons activent le collag\u00e8ne et l\u2019\u00e9lastine, ce qui aide \u00e0 pr\u00e9venir le vieillissement cutan\u00e9.  L\u2019application des ultrasons sur la peau permet d\u2019exfolier en douceur les cellules mortes ; les ultrasons sont transmis \u00e0 la peau \u00e0 l\u2019aide d\u2019une spatule vibrant \u00e0 une fr\u00e9quence de 27 000 fois par seconde (Hz). En retournant la spatule et en effectuant des mouvements sp\u00e9cifiques, les ultrasons favorisent la p\u00e9n\u00e9tration des principes actifs. Ils permettent \u00e0 ces derniers de franchir la barri\u00e8re cutan\u00e9e gr\u00e2ce \u00e0 la sonophor\u00e8se (une technique utilisant les ultrasons pour augmenter la perm\u00e9abilit\u00e9 de la peau et favoriser l\u2019absorption des s\u00e9rums). Les vibrations transmettent des courants bio\u00e9lectriques \u00e0 haute fr\u00e9quence qui stimulent les fibres musculaires sous-cutan\u00e9es pour une action liftante. Parall\u00e8lement, les circulations sanguine et lymphatique sont stimul\u00e9es, favorisant ainsi la r\u00e9duction des cernes, des poches et des rides. Le nettoyage du visage aux ultrasons est \u00e9galement indiqu\u00e9 pour les peaux sensibles en raison de sa grande d\u00e9licatesse.\" \/>\n<meta property=\"og:url\" content=\"https:\/\/pharma-ti.ch\/fr\/product\/nettoyage-profond-du-visage-aux-ultrasons\/\" \/>\n<meta property=\"og:site_name\" content=\"Pharma Ti\" \/>\n<meta property=\"og:image\" content=\"https:\/\/pharma-ti.ch\/wp-content\/uploads\/2026\/01\/servizi.jpeg\" \/>\n\t<meta property=\"og:image:width\" content=\"520\" \/>\n\t<meta property=\"og:image:height\" content=\"580\" \/>\n\t<meta property=\"og:image:type\" content=\"image\/jpeg\" \/>\n<meta name=\"twitter:card\" content=\"summary_large_image\" \/>\n<meta name=\"twitter:label1\" content=\"Dur\u00e9e de lecture estim\u00e9e\" \/>\n\t<meta name=\"twitter:data1\" content=\"1 minute\" \/>\n<script type=\"application\/ld+json\" class=\"yoast-schema-graph\">{\"@context\":\"https:\\\/\\\/schema.org\",\"@graph\":[{\"@type\":\"WebPage\",\"@id\":\"https:\\\/\\\/pharma-ti.ch\\\/fr\\\/product\\\/nettoyage-profond-du-visage-aux-ultrasons\\\/\",\"url\":\"https:\\\/\\\/pharma-ti.ch\\\/fr\\\/product\\\/nettoyage-profond-du-visage-aux-ultrasons\\\/\",\"name\":\"NETTOYAGE PROFOND DU VISAGE AUX ULTRASONS - Pharma Ti\",\"isPartOf\":{\"@id\":\"https:\\\/\\\/pharma-ti.ch\\\/fr\\\/#website\"},\"primaryImageOfPage\":{\"@id\":\"https:\\\/\\\/pharma-ti.ch\\\/fr\\\/product\\\/nettoyage-profond-du-visage-aux-ultrasons\\\/#primaryimage\"},\"image\":{\"@id\":\"https:\\\/\\\/pharma-ti.ch\\\/fr\\\/product\\\/nettoyage-profond-du-visage-aux-ultrasons\\\/#primaryimage\"},\"thumbnailUrl\":\"https:\\\/\\\/pharma-ti.ch\\\/wp-content\\\/uploads\\\/2026\\\/01\\\/servizi.jpeg\",\"datePublished\":\"2026-01-23T08:31:43+00:00\",\"breadcrumb\":{\"@id\":\"https:\\\/\\\/pharma-ti.ch\\\/fr\\\/product\\\/nettoyage-profond-du-visage-aux-ultrasons\\\/#breadcrumb\"},\"inLanguage\":\"fr-FR\",\"potentialAction\":[{\"@type\":\"ReadAction\",\"target\":[\"https:\\\/\\\/pharma-ti.ch\\\/fr\\\/product\\\/nettoyage-profond-du-visage-aux-ultrasons\\\/\"]}]},{\"@type\":\"ImageObject\",\"inLanguage\":\"fr-FR\",\"@id\":\"https:\\\/\\\/pharma-ti.ch\\\/fr\\\/product\\\/nettoyage-profond-du-visage-aux-ultrasons\\\/#primaryimage\",\"url\":\"https:\\\/\\\/pharma-ti.ch\\\/wp-content\\\/uploads\\\/2026\\\/01\\\/servizi.jpeg\",\"contentUrl\":\"https:\\\/\\\/pharma-ti.ch\\\/wp-content\\\/uploads\\\/2026\\\/01\\\/servizi.jpeg\",\"width\":520,\"height\":580},{\"@type\":\"BreadcrumbList\",\"@id\":\"https:\\\/\\\/pharma-ti.ch\\\/fr\\\/product\\\/nettoyage-profond-du-visage-aux-ultrasons\\\/#breadcrumb\",\"itemListElement\":[{\"@type\":\"ListItem\",\"position\":1,\"name\":\"Home\",\"item\":\"https:\\\/\\\/pharma-ti.ch\\\/fr\\\/\"},{\"@type\":\"ListItem\",\"position\":2,\"name\":\"Boutique\",\"item\":\"https:\\\/\\\/pharma-ti.ch\\\/shop\\\/\"},{\"@type\":\"ListItem\",\"position\":3,\"name\":\"NETTOYAGE PROFOND DU VISAGE AUX ULTRASONS\"}]},{\"@type\":\"WebSite\",\"@id\":\"https:\\\/\\\/pharma-ti.ch\\\/fr\\\/#website\",\"url\":\"https:\\\/\\\/pharma-ti.ch\\\/fr\\\/\",\"name\":\"Pharma Ti\",\"description\":\"\",\"publisher\":{\"@id\":\"https:\\\/\\\/pharma-ti.ch\\\/fr\\\/#organization\"},\"potentialAction\":[{\"@type\":\"SearchAction\",\"target\":{\"@type\":\"EntryPoint\",\"urlTemplate\":\"https:\\\/\\\/pharma-ti.ch\\\/fr\\\/?s={search_term_string}\"},\"query-input\":{\"@type\":\"PropertyValueSpecification\",\"valueRequired\":true,\"valueName\":\"search_term_string\"}}],\"inLanguage\":\"fr-FR\"},{\"@type\":\"Organization\",\"@id\":\"https:\\\/\\\/pharma-ti.ch\\\/fr\\\/#organization\",\"name\":\"Pharma Ti\",\"url\":\"https:\\\/\\\/pharma-ti.ch\\\/fr\\\/\",\"logo\":{\"@type\":\"ImageObject\",\"inLanguage\":\"fr-FR\",\"@id\":\"https:\\\/\\\/pharma-ti.ch\\\/fr\\\/#\\\/schema\\\/logo\\\/image\\\/\",\"url\":\"https:\\\/\\\/pharma-ti.ch\\\/wp-content\\\/uploads\\\/2025\\\/10\\\/cropped-PHARMA-TI.png\",\"contentUrl\":\"https:\\\/\\\/pharma-ti.ch\\\/wp-content\\\/uploads\\\/2025\\\/10\\\/cropped-PHARMA-TI.png\",\"width\":279,\"height\":80,\"caption\":\"Pharma Ti\"},\"image\":{\"@id\":\"https:\\\/\\\/pharma-ti.ch\\\/fr\\\/#\\\/schema\\\/logo\\\/image\\\/\"}}]}<\/script>\n<!-- \/ Yoast SEO plugin. -->","yoast_head_json":{"title":"NETTOYAGE PROFOND DU VISAGE AUX ULTRASONS - Pharma Ti","robots":{"index":"index","follow":"follow","max-snippet":"max-snippet:-1","max-image-preview":"max-image-preview:large","max-video-preview":"max-video-preview:-1"},"canonical":"https:\/\/pharma-ti.ch\/fr\/product\/nettoyage-profond-du-visage-aux-ultrasons\/","og_locale":"fr_FR","og_type":"article","og_title":"NETTOYAGE PROFOND DU VISAGE AUX ULTRASONS - Pharma Ti","og_description":"L\u2019utilisation des ultrasons dans le soin du visage permet de purifier, d\u2019oxyg\u00e9ner, de nettoyer les impuret\u00e9s et d\u2019\u00e9liminer les signes de fatigue, d\u2019att\u00e9nuer les cernes et d\u2019unifier le teint. Les ultrasons activent le collag\u00e8ne et l\u2019\u00e9lastine, ce qui aide \u00e0 pr\u00e9venir le vieillissement cutan\u00e9.  L\u2019application des ultrasons sur la peau permet d\u2019exfolier en douceur les cellules mortes ; les ultrasons sont transmis \u00e0 la peau \u00e0 l\u2019aide d\u2019une spatule vibrant \u00e0 une fr\u00e9quence de 27 000 fois par seconde (Hz). En retournant la spatule et en effectuant des mouvements sp\u00e9cifiques, les ultrasons favorisent la p\u00e9n\u00e9tration des principes actifs. Ils permettent \u00e0 ces derniers de franchir la barri\u00e8re cutan\u00e9e gr\u00e2ce \u00e0 la sonophor\u00e8se (une technique utilisant les ultrasons pour augmenter la perm\u00e9abilit\u00e9 de la peau et favoriser l\u2019absorption des s\u00e9rums). Les vibrations transmettent des courants bio\u00e9lectriques \u00e0 haute fr\u00e9quence qui stimulent les fibres musculaires sous-cutan\u00e9es pour une action liftante. Parall\u00e8lement, les circulations sanguine et lymphatique sont stimul\u00e9es, favorisant ainsi la r\u00e9duction des cernes, des poches et des rides. Le nettoyage du visage aux ultrasons est \u00e9galement indiqu\u00e9 pour les peaux sensibles en raison de sa grande d\u00e9licatesse.","og_url":"https:\/\/pharma-ti.ch\/fr\/product\/nettoyage-profond-du-visage-aux-ultrasons\/","og_site_name":"Pharma Ti","og_image":[{"width":520,"height":580,"url":"https:\/\/pharma-ti.ch\/wp-content\/uploads\/2026\/01\/servizi.jpeg","type":"image\/jpeg"}],"twitter_card":"summary_large_image","twitter_misc":{"Dur\u00e9e de lecture estim\u00e9e":"1 minute"},"schema":{"@context":"https:\/\/schema.org","@graph":[{"@type":"WebPage","@id":"https:\/\/pharma-ti.ch\/fr\/product\/nettoyage-profond-du-visage-aux-ultrasons\/","url":"https:\/\/pharma-ti.ch\/fr\/product\/nettoyage-profond-du-visage-aux-ultrasons\/","name":"NETTOYAGE PROFOND DU VISAGE AUX ULTRASONS - Pharma Ti","isPartOf":{"@id":"https:\/\/pharma-ti.ch\/fr\/#website"},"primaryImageOfPage":{"@id":"https:\/\/pharma-ti.ch\/fr\/product\/nettoyage-profond-du-visage-aux-ultrasons\/#primaryimage"},"image":{"@id":"https:\/\/pharma-ti.ch\/fr\/product\/nettoyage-profond-du-visage-aux-ultrasons\/#primaryimage"},"thumbnailUrl":"https:\/\/pharma-ti.ch\/wp-content\/uploads\/2026\/01\/servizi.jpeg","datePublished":"2026-01-23T08:31:43+00:00","breadcrumb":{"@id":"https:\/\/pharma-ti.ch\/fr\/product\/nettoyage-profond-du-visage-aux-ultrasons\/#breadcrumb"},"inLanguage":"fr-FR","potentialAction":[{"@type":"ReadAction","target":["https:\/\/pharma-ti.ch\/fr\/product\/nettoyage-profond-du-visage-aux-ultrasons\/"]}]},{"@type":"ImageObject","inLanguage":"fr-FR","@id":"https:\/\/pharma-ti.ch\/fr\/product\/nettoyage-profond-du-visage-aux-ultrasons\/#primaryimage","url":"https:\/\/pharma-ti.ch\/wp-content\/uploads\/2026\/01\/servizi.jpeg","contentUrl":"https:\/\/pharma-ti.ch\/wp-content\/uploads\/2026\/01\/servizi.jpeg","width":520,"height":580},{"@type":"BreadcrumbList","@id":"https:\/\/pharma-ti.ch\/fr\/product\/nettoyage-profond-du-visage-aux-ultrasons\/#breadcrumb","itemListElement":[{"@type":"ListItem","position":1,"name":"Home","item":"https:\/\/pharma-ti.ch\/fr\/"},{"@type":"ListItem","position":2,"name":"Boutique","item":"https:\/\/pharma-ti.ch\/shop\/"},{"@type":"ListItem","position":3,"name":"NETTOYAGE PROFOND DU VISAGE AUX ULTRASONS"}]},{"@type":"WebSite","@id":"https:\/\/pharma-ti.ch\/fr\/#website","url":"https:\/\/pharma-ti.ch\/fr\/","name":"Pharma Ti","description":"","publisher":{"@id":"https:\/\/pharma-ti.ch\/fr\/#organization"},"potentialAction":[{"@type":"SearchAction","target":{"@type":"EntryPoint","urlTemplate":"https:\/\/pharma-ti.ch\/fr\/?s={search_term_string}"},"query-input":{"@type":"PropertyValueSpecification","valueRequired":true,"valueName":"search_term_string"}}],"inLanguage":"fr-FR"},{"@type":"Organization","@id":"https:\/\/pharma-ti.ch\/fr\/#organization","name":"Pharma Ti","url":"https:\/\/pharma-ti.ch\/fr\/","logo":{"@type":"ImageObject","inLanguage":"fr-FR","@id":"https:\/\/pharma-ti.ch\/fr\/#\/schema\/logo\/image\/","url":"https:\/\/pharma-ti.ch\/wp-content\/uploads\/2025\/10\/cropped-PHARMA-TI.png","contentUrl":"https:\/\/pharma-ti.ch\/wp-content\/uploads\/2025\/10\/cropped-PHARMA-TI.png","width":279,"height":80,"caption":"Pharma Ti"},"image":{"@id":"https:\/\/pharma-ti.ch\/fr\/#\/schema\/logo\/image\/"}}]}},"_links":{"self":[{"href":"https:\/\/pharma-ti.ch\/fr\/wp-json\/wp\/v2\/product\/12397","targetHints":{"allow":["GET"]}}],"collection":[{"href":"https:\/\/pharma-ti.ch\/fr\/wp-json\/wp\/v2\/product"}],"about":[{"href":"https:\/\/pharma-ti.ch\/fr\/wp-json\/wp\/v2\/types\/product"}],"replies":[{"embeddable":true,"href":"https:\/\/pharma-ti.ch\/fr\/wp-json\/wp\/v2\/comments?post=12397"}],"version-history":[{"count":0,"href":"https:\/\/pharma-ti.ch\/fr\/wp-json\/wp\/v2\/product\/12397\/revisions"}],"wp:featuredmedia":[{"embeddable":true,"href":"https:\/\/pharma-ti.ch\/fr\/wp-json\/wp\/v2\/media\/12391"}],"wp:attachment":[{"href":"https:\/\/pharma-ti.ch\/fr\/wp-json\/wp\/v2\/media?parent=12397"}],"wp:term":[{"taxonomy":"product_brand","embeddable":true,"href":"https:\/\/pharma-ti.ch\/fr\/wp-json\/wp\/v2\/product_brand?post=12397"},{"taxonomy":"product_cat","embeddable":true,"href":"https:\/\/pharma-ti.ch\/fr\/wp-json\/wp\/v2\/product_cat?post=12397"},{"taxonomy":"product_tag","embeddable":true,"href":"https:\/\/pharma-ti.ch\/fr\/wp-json\/wp\/v2\/product_tag?post=12397"}],"curies":[{"name":"wp","href":"https:\/\/api.w.org\/{rel}","templated":true}]}}