{"id":12596,"date":"2026-07-13T04:50:18","date_gmt":"2026-07-13T04:50:18","guid":{"rendered":"https:\/\/pharma-ti.ch\/product\/creme-visage-spf-15-a-lacide-hyaluronique-et-vitamine-c-skin\/"},"modified":"2026-07-13T04:50:18","modified_gmt":"2026-07-13T04:50:18","slug":"creme-visage-spf-15-a-lacide-hyaluronique-et-vitamine-c-skin","status":"publish","type":"product","link":"https:\/\/pharma-ti.ch\/fr\/product\/creme-visage-spf-15-a-lacide-hyaluronique-et-vitamine-c-skin\/","title":{"rendered":"Cr\u00e8me Visage SPF 15 \u00e0 l\u2019Acide Hyaluronique et Vitamine C &#8211; SKIN"},"content":{"rendered":"<p data-start=\"57\" data-end=\"509\">Prot\u00e9gez votre peau au quotidien avec une <strong data-start=\"95\" data-end=\"116\">cr\u00e8me visage SPF 15<\/strong> combinant <strong data-start=\"129\" data-end=\"147\">filtres UVA\/UVB<\/strong> et actifs hydratants et antioxydants. Sa formule \u00e0 la <strong data-start=\"199\" data-end=\"215\">Cassia Alata<\/strong>, \u00e0 l\u2019<strong data-start=\"217\" data-end=\"230\">Edelweiss<\/strong>, \u00e0 l\u2019<strong data-start=\"232\" data-end=\"242\">Ecto\u00efne<\/strong>, \u00e0 la <strong data-start=\"244\" data-end=\"258\">Vitamine C<\/strong> et \u00e0 l\u2019<strong data-start=\"261\" data-end=\"281\">Acide Hyaluronique<\/strong> aide \u00e0 d\u00e9fendre la peau de l\u2019exposition quotidienne aux rayons solaires, tout en la maintenant hydrat\u00e9e pour un aspect plus lumineux. Id\u00e9ale comme soin de jour, elle apporte confort et contribue \u00e0 pr\u00e9server un teint frais et uniforme.  <\/p>\n","protected":false},"excerpt":{"rendered":"<p>Prot\u00e9gez votre peau au quotidien avec une cr\u00e8me visage SPF 15 combinant filtres UVA\/UVB et actifs hydratants et antioxydants. Sa formule \u00e0 la Cassia Alata, \u00e0 l\u2019Edelweiss, \u00e0 l\u2019Ecto\u00efne, \u00e0 la Vitamine C et \u00e0 l\u2019Acide Hyaluronique aide \u00e0 d\u00e9fendre la peau de l\u2019exposition quotidienne aux rayons solaires, tout en la maintenant hydrat\u00e9e pour un [&hellip;]<\/p>\n","protected":false},"featured_media":12597,"comment_status":"closed","ping_status":"closed","template":"","meta":{"_acf_changed":false},"product_brand":[],"product_cat":[376,366,377,438],"product_tag":[],"class_list":["post-12596","product","type-product","status-publish","has-post-thumbnail","product_cat-soin-du-visage","product_cat-swiss-skin","product_cat-traitement-visage","product_cat-skin-beauty-visage","wcpa_has_options","first","instock","shipping-taxable","purchasable","product-type-simple"],"acf":[],"yoast_head":"<!-- This site is optimized with the Yoast SEO plugin v27.3 - https:\/\/yoast.com\/product\/yoast-seo-wordpress\/ -->\n<title>Cr\u00e8me Visage SPF 15 \u00e0 l\u2019Acide Hyaluronique et Vitamine C - SKIN - Pharma Ti<\/title>\n<meta name=\"description\" content=\"Cr\u00e8me visage SPF 15 combinant filtres UVA\/UVB et actifs hydratants et antioxydants\" \/>\n<meta name=\"robots\" content=\"index, follow, max-snippet:-1, max-image-preview:large, max-video-preview:-1\" \/>\n<link rel=\"canonical\" href=\"https:\/\/pharma-ti.ch\/fr\/product\/creme-visage-spf-15-a-lacide-hyaluronique-et-vitamine-c-skin\/\" \/>\n<meta property=\"og:locale\" content=\"fr_FR\" \/>\n<meta property=\"og:type\" content=\"article\" \/>\n<meta property=\"og:title\" content=\"Cr\u00e8me Visage SPF 15 \u00e0 l\u2019Acide Hyaluronique et Vitamine C - SKIN - Pharma Ti\" \/>\n<meta property=\"og:description\" content=\"Cr\u00e8me visage SPF 15 combinant filtres UVA\/UVB et actifs hydratants et antioxydants\" \/>\n<meta property=\"og:url\" content=\"https:\/\/pharma-ti.ch\/fr\/product\/creme-visage-spf-15-a-lacide-hyaluronique-et-vitamine-c-skin\/\" \/>\n<meta property=\"og:site_name\" content=\"Pharma Ti\" \/>\n<meta property=\"og:image\" content=\"https:\/\/pharma-ti.ch\/wp-content\/uploads\/2026\/07\/WhatsApp-Image-2026-07-13-at-06.08.08-2.jpeg\" \/>\n\t<meta property=\"og:image:width\" content=\"896\" \/>\n\t<meta property=\"og:image:height\" content=\"1195\" \/>\n\t<meta property=\"og:image:type\" content=\"image\/jpeg\" \/>\n<meta name=\"twitter:card\" content=\"summary_large_image\" \/>\n<script type=\"application\/ld+json\" class=\"yoast-schema-graph\">{\"@context\":\"https:\\\/\\\/schema.org\",\"@graph\":[{\"@type\":\"WebPage\",\"@id\":\"https:\\\/\\\/pharma-ti.ch\\\/fr\\\/product\\\/creme-visage-spf-15-a-lacide-hyaluronique-et-vitamine-c-skin\\\/\",\"url\":\"https:\\\/\\\/pharma-ti.ch\\\/fr\\\/product\\\/creme-visage-spf-15-a-lacide-hyaluronique-et-vitamine-c-skin\\\/\",\"name\":\"Cr\u00e8me Visage SPF 15 \u00e0 l\u2019Acide Hyaluronique et Vitamine C - SKIN - Pharma Ti\",\"isPartOf\":{\"@id\":\"https:\\\/\\\/pharma-ti.ch\\\/fr\\\/#website\"},\"primaryImageOfPage\":{\"@id\":\"https:\\\/\\\/pharma-ti.ch\\\/fr\\\/product\\\/creme-visage-spf-15-a-lacide-hyaluronique-et-vitamine-c-skin\\\/#primaryimage\"},\"image\":{\"@id\":\"https:\\\/\\\/pharma-ti.ch\\\/fr\\\/product\\\/creme-visage-spf-15-a-lacide-hyaluronique-et-vitamine-c-skin\\\/#primaryimage\"},\"thumbnailUrl\":\"https:\\\/\\\/pharma-ti.ch\\\/wp-content\\\/uploads\\\/2026\\\/07\\\/WhatsApp-Image-2026-07-13-at-06.08.08-2.jpeg\",\"datePublished\":\"2026-07-13T04:50:18+00:00\",\"description\":\"Cr\u00e8me visage SPF 15 combinant filtres UVA\\\/UVB et actifs hydratants et antioxydants\",\"breadcrumb\":{\"@id\":\"https:\\\/\\\/pharma-ti.ch\\\/fr\\\/product\\\/creme-visage-spf-15-a-lacide-hyaluronique-et-vitamine-c-skin\\\/#breadcrumb\"},\"inLanguage\":\"fr-FR\",\"potentialAction\":[{\"@type\":\"ReadAction\",\"target\":[\"https:\\\/\\\/pharma-ti.ch\\\/fr\\\/product\\\/creme-visage-spf-15-a-lacide-hyaluronique-et-vitamine-c-skin\\\/\"]}]},{\"@type\":\"ImageObject\",\"inLanguage\":\"fr-FR\",\"@id\":\"https:\\\/\\\/pharma-ti.ch\\\/fr\\\/product\\\/creme-visage-spf-15-a-lacide-hyaluronique-et-vitamine-c-skin\\\/#primaryimage\",\"url\":\"https:\\\/\\\/pharma-ti.ch\\\/wp-content\\\/uploads\\\/2026\\\/07\\\/WhatsApp-Image-2026-07-13-at-06.08.08-2.jpeg\",\"contentUrl\":\"https:\\\/\\\/pharma-ti.ch\\\/wp-content\\\/uploads\\\/2026\\\/07\\\/WhatsApp-Image-2026-07-13-at-06.08.08-2.jpeg\",\"width\":896,\"height\":1195},{\"@type\":\"BreadcrumbList\",\"@id\":\"https:\\\/\\\/pharma-ti.ch\\\/fr\\\/product\\\/creme-visage-spf-15-a-lacide-hyaluronique-et-vitamine-c-skin\\\/#breadcrumb\",\"itemListElement\":[{\"@type\":\"ListItem\",\"position\":1,\"name\":\"Home\",\"item\":\"https:\\\/\\\/pharma-ti.ch\\\/fr\\\/\"},{\"@type\":\"ListItem\",\"position\":2,\"name\":\"Boutique\",\"item\":\"https:\\\/\\\/pharma-ti.ch\\\/shop\\\/\"},{\"@type\":\"ListItem\",\"position\":3,\"name\":\"Cr\u00e8me Visage SPF 15 \u00e0 l\u2019Acide Hyaluronique et Vitamine C &#8211; SKIN\"}]},{\"@type\":\"WebSite\",\"@id\":\"https:\\\/\\\/pharma-ti.ch\\\/fr\\\/#website\",\"url\":\"https:\\\/\\\/pharma-ti.ch\\\/fr\\\/\",\"name\":\"Pharma Ti\",\"description\":\"\",\"publisher\":{\"@id\":\"https:\\\/\\\/pharma-ti.ch\\\/fr\\\/#organization\"},\"potentialAction\":[{\"@type\":\"SearchAction\",\"target\":{\"@type\":\"EntryPoint\",\"urlTemplate\":\"https:\\\/\\\/pharma-ti.ch\\\/fr\\\/?s={search_term_string}\"},\"query-input\":{\"@type\":\"PropertyValueSpecification\",\"valueRequired\":true,\"valueName\":\"search_term_string\"}}],\"inLanguage\":\"fr-FR\"},{\"@type\":\"Organization\",\"@id\":\"https:\\\/\\\/pharma-ti.ch\\\/fr\\\/#organization\",\"name\":\"Pharma Ti\",\"url\":\"https:\\\/\\\/pharma-ti.ch\\\/fr\\\/\",\"logo\":{\"@type\":\"ImageObject\",\"inLanguage\":\"fr-FR\",\"@id\":\"https:\\\/\\\/pharma-ti.ch\\\/fr\\\/#\\\/schema\\\/logo\\\/image\\\/\",\"url\":\"https:\\\/\\\/pharma-ti.ch\\\/wp-content\\\/uploads\\\/2025\\\/10\\\/cropped-PHARMA-TI.png\",\"contentUrl\":\"https:\\\/\\\/pharma-ti.ch\\\/wp-content\\\/uploads\\\/2025\\\/10\\\/cropped-PHARMA-TI.png\",\"width\":279,\"height\":80,\"caption\":\"Pharma Ti\"},\"image\":{\"@id\":\"https:\\\/\\\/pharma-ti.ch\\\/fr\\\/#\\\/schema\\\/logo\\\/image\\\/\"}}]}<\/script>\n<!-- \/ Yoast SEO plugin. -->","yoast_head_json":{"title":"Cr\u00e8me Visage SPF 15 \u00e0 l\u2019Acide Hyaluronique et Vitamine C - SKIN - Pharma Ti","description":"Cr\u00e8me visage SPF 15 combinant filtres UVA\/UVB et actifs hydratants et antioxydants","robots":{"index":"index","follow":"follow","max-snippet":"max-snippet:-1","max-image-preview":"max-image-preview:large","max-video-preview":"max-video-preview:-1"},"canonical":"https:\/\/pharma-ti.ch\/fr\/product\/creme-visage-spf-15-a-lacide-hyaluronique-et-vitamine-c-skin\/","og_locale":"fr_FR","og_type":"article","og_title":"Cr\u00e8me Visage SPF 15 \u00e0 l\u2019Acide Hyaluronique et Vitamine C - SKIN - Pharma Ti","og_description":"Cr\u00e8me visage SPF 15 combinant filtres UVA\/UVB et actifs hydratants et antioxydants","og_url":"https:\/\/pharma-ti.ch\/fr\/product\/creme-visage-spf-15-a-lacide-hyaluronique-et-vitamine-c-skin\/","og_site_name":"Pharma Ti","og_image":[{"width":896,"height":1195,"url":"https:\/\/pharma-ti.ch\/wp-content\/uploads\/2026\/07\/WhatsApp-Image-2026-07-13-at-06.08.08-2.jpeg","type":"image\/jpeg"}],"twitter_card":"summary_large_image","schema":{"@context":"https:\/\/schema.org","@graph":[{"@type":"WebPage","@id":"https:\/\/pharma-ti.ch\/fr\/product\/creme-visage-spf-15-a-lacide-hyaluronique-et-vitamine-c-skin\/","url":"https:\/\/pharma-ti.ch\/fr\/product\/creme-visage-spf-15-a-lacide-hyaluronique-et-vitamine-c-skin\/","name":"Cr\u00e8me Visage SPF 15 \u00e0 l\u2019Acide Hyaluronique et Vitamine C - SKIN - Pharma Ti","isPartOf":{"@id":"https:\/\/pharma-ti.ch\/fr\/#website"},"primaryImageOfPage":{"@id":"https:\/\/pharma-ti.ch\/fr\/product\/creme-visage-spf-15-a-lacide-hyaluronique-et-vitamine-c-skin\/#primaryimage"},"image":{"@id":"https:\/\/pharma-ti.ch\/fr\/product\/creme-visage-spf-15-a-lacide-hyaluronique-et-vitamine-c-skin\/#primaryimage"},"thumbnailUrl":"https:\/\/pharma-ti.ch\/wp-content\/uploads\/2026\/07\/WhatsApp-Image-2026-07-13-at-06.08.08-2.jpeg","datePublished":"2026-07-13T04:50:18+00:00","description":"Cr\u00e8me visage SPF 15 combinant filtres UVA\/UVB et actifs hydratants et antioxydants","breadcrumb":{"@id":"https:\/\/pharma-ti.ch\/fr\/product\/creme-visage-spf-15-a-lacide-hyaluronique-et-vitamine-c-skin\/#breadcrumb"},"inLanguage":"fr-FR","potentialAction":[{"@type":"ReadAction","target":["https:\/\/pharma-ti.ch\/fr\/product\/creme-visage-spf-15-a-lacide-hyaluronique-et-vitamine-c-skin\/"]}]},{"@type":"ImageObject","inLanguage":"fr-FR","@id":"https:\/\/pharma-ti.ch\/fr\/product\/creme-visage-spf-15-a-lacide-hyaluronique-et-vitamine-c-skin\/#primaryimage","url":"https:\/\/pharma-ti.ch\/wp-content\/uploads\/2026\/07\/WhatsApp-Image-2026-07-13-at-06.08.08-2.jpeg","contentUrl":"https:\/\/pharma-ti.ch\/wp-content\/uploads\/2026\/07\/WhatsApp-Image-2026-07-13-at-06.08.08-2.jpeg","width":896,"height":1195},{"@type":"BreadcrumbList","@id":"https:\/\/pharma-ti.ch\/fr\/product\/creme-visage-spf-15-a-lacide-hyaluronique-et-vitamine-c-skin\/#breadcrumb","itemListElement":[{"@type":"ListItem","position":1,"name":"Home","item":"https:\/\/pharma-ti.ch\/fr\/"},{"@type":"ListItem","position":2,"name":"Boutique","item":"https:\/\/pharma-ti.ch\/shop\/"},{"@type":"ListItem","position":3,"name":"Cr\u00e8me Visage SPF 15 \u00e0 l\u2019Acide Hyaluronique et Vitamine C &#8211; SKIN"}]},{"@type":"WebSite","@id":"https:\/\/pharma-ti.ch\/fr\/#website","url":"https:\/\/pharma-ti.ch\/fr\/","name":"Pharma Ti","description":"","publisher":{"@id":"https:\/\/pharma-ti.ch\/fr\/#organization"},"potentialAction":[{"@type":"SearchAction","target":{"@type":"EntryPoint","urlTemplate":"https:\/\/pharma-ti.ch\/fr\/?s={search_term_string}"},"query-input":{"@type":"PropertyValueSpecification","valueRequired":true,"valueName":"search_term_string"}}],"inLanguage":"fr-FR"},{"@type":"Organization","@id":"https:\/\/pharma-ti.ch\/fr\/#organization","name":"Pharma Ti","url":"https:\/\/pharma-ti.ch\/fr\/","logo":{"@type":"ImageObject","inLanguage":"fr-FR","@id":"https:\/\/pharma-ti.ch\/fr\/#\/schema\/logo\/image\/","url":"https:\/\/pharma-ti.ch\/wp-content\/uploads\/2025\/10\/cropped-PHARMA-TI.png","contentUrl":"https:\/\/pharma-ti.ch\/wp-content\/uploads\/2025\/10\/cropped-PHARMA-TI.png","width":279,"height":80,"caption":"Pharma Ti"},"image":{"@id":"https:\/\/pharma-ti.ch\/fr\/#\/schema\/logo\/image\/"}}]}},"_links":{"self":[{"href":"https:\/\/pharma-ti.ch\/fr\/wp-json\/wp\/v2\/product\/12596","targetHints":{"allow":["GET"]}}],"collection":[{"href":"https:\/\/pharma-ti.ch\/fr\/wp-json\/wp\/v2\/product"}],"about":[{"href":"https:\/\/pharma-ti.ch\/fr\/wp-json\/wp\/v2\/types\/product"}],"replies":[{"embeddable":true,"href":"https:\/\/pharma-ti.ch\/fr\/wp-json\/wp\/v2\/comments?post=12596"}],"version-history":[{"count":0,"href":"https:\/\/pharma-ti.ch\/fr\/wp-json\/wp\/v2\/product\/12596\/revisions"}],"wp:featuredmedia":[{"embeddable":true,"href":"https:\/\/pharma-ti.ch\/fr\/wp-json\/wp\/v2\/media\/12597"}],"wp:attachment":[{"href":"https:\/\/pharma-ti.ch\/fr\/wp-json\/wp\/v2\/media?parent=12596"}],"wp:term":[{"taxonomy":"product_brand","embeddable":true,"href":"https:\/\/pharma-ti.ch\/fr\/wp-json\/wp\/v2\/product_brand?post=12596"},{"taxonomy":"product_cat","embeddable":true,"href":"https:\/\/pharma-ti.ch\/fr\/wp-json\/wp\/v2\/product_cat?post=12596"},{"taxonomy":"product_tag","embeddable":true,"href":"https:\/\/pharma-ti.ch\/fr\/wp-json\/wp\/v2\/product_tag?post=12596"}],"curies":[{"name":"wp","href":"https:\/\/api.w.org\/{rel}","templated":true}]}}